{"id":203,"date":"2020-10-27T17:36:27","date_gmt":"2020-10-27T16:36:27","guid":{"rendered":"https:\/\/192.168.2.217\/?page_id=203"},"modified":"2025-07-15T15:10:54","modified_gmt":"2025-07-15T13:10:54","slug":"datenschutz","status":"publish","type":"page","link":"https:\/\/heilig-geist-hospiz.de\/?page_id=203","title":{"rendered":"Datenschutz"},"content":{"rendered":"\n<h2 class=\"wp-block-heading\">a) Informationen hinsichtlich der Websitenutzung<\/h2>\n\n\n\n<h3 class=\"wp-block-heading\">1. Datenschutz auf einen Blick<\/h3>\n\n\n\n<p><strong>Allgemeine Hinweise<\/strong><br>Die folgenden Hinweise geben einen einfachen \u00dcberblick dar\u00fcber, was mit Ihren personenbezogenen Daten passiert, wenn Sie unsere Website besuchen. Personenbezogene Daten sind alle Daten, mit denen Sie pers\u00f6nlich identifiziert werden k\u00f6nnen. Ausf\u00fchrliche Informationen zum Thema Datenschutz entnehmen Sie unserer unter diesem Text aufgef\u00fchrten Datenschutzerkl\u00e4rung.<\/p>\n\n\n\n<p><strong>Datenerfassung auf unserer Website<\/strong><br>Wer ist verantwortlich f\u00fcr die Datenerfassung auf dieser Website?<\/p>\n\n\n\n<p>Die Datenverarbeitung auf dieser Website erfolgt durch den Websitebetreiber. Dessen Kontaktdaten k\u00f6nnen Sie dem Impressum dieser Website entnehmen.<\/p>\n\n\n\n<p><strong>Wie erfassen wir Ihre Daten?<\/strong><br>Ihre Daten werden zum einen dadurch erhoben, dass Sie uns diese mitteilen. Hierbei kann es sich z.B. um Daten handeln, die Sie in ein Kontaktformular eingeben.<\/p>\n\n\n\n<p>Andere Daten werden automatisch beim Besuch der Website durch unsere IT-Systeme erfasst. Das sind vor allem technische Daten (z.B. Internetbrowser, Betriebssystem oder Uhrzeit des Seitenaufrufs). Die Erfassung dieser Daten erfolgt automatisch, sobald Sie unsere Website betreten.<\/p>\n\n\n\n<p><strong>Wof\u00fcr nutzen wir Ihre Daten?<\/strong><br>Ein Teil der Daten wird erhoben, um eine fehlerfreie Bereitstellung der Website zu gew\u00e4hrleisten. Andere Daten k\u00f6nnen zur Analyse Ihres Nutzerverhaltens verwendet werden.<\/p>\n\n\n\n<p><strong>Welche Rechte haben Sie bez\u00fcglich Ihrer Daten?<\/strong><br>Sie haben jederzeit das Recht unentgeltlich Auskunft \u00fcber Herkunft, Empf\u00e4nger und Zweck Ihrer gespeicherten personenbezogenen Daten zu erhalten. Sie haben au\u00dferdem ein Recht, die Berichtigung, Sperrung oder L\u00f6schung dieser Daten zu verlangen. Hierzu sowie zu weiteren Fragen zum Thema Datenschutz k\u00f6nnen Sie sich jederzeit unter der im Impressum angegebenen Adresse an uns wenden. Des Weiteren steht Ihnen ein Beschwerderecht bei der zust\u00e4ndigen Aufsichtsbeh\u00f6rde zu.<\/p>\n\n\n\n<p><strong>Analyse-Tools und Tools von Drittanbietern<\/strong><br>Beim Besuch unserer Website kann Ihr Surf-Verhalten statistisch ausgewertet werden. Das geschieht vor allem mit Cookies und mit sogenannten Analyseprogrammen. Die Analyse Ihres Surf-Verhaltens erfolgt in der Regel anonym; das Surf-Verhalten kann nicht zu Ihnen zur\u00fcckverfolgt werden. Sie k\u00f6nnen dieser Analyse widersprechen oder sie durch die Nichtbenutzung bestimmter Tools verhindern. Detaillierte Informationen dazu finden Sie in der folgenden Datenschutzerkl\u00e4rung.<\/p>\n\n\n\n<p>Sie k\u00f6nnen dieser Analyse widersprechen. \u00dcber die Widerspruchsm\u00f6glichkeiten werden wir Sie in dieser Datenschutzerkl\u00e4rung informieren.<\/p>\n\n\n\n<h3 class=\"wp-block-heading\">2. Allgemeine Hinweise und Pflichtinformationen<\/h3>\n\n\n\n<p><strong>Datenschutz<\/strong><br>Die Betreiber dieser Seiten nehmen den Schutz Ihrer pers\u00f6nlichen Daten sehr ernst. Wir behandeln Ihre personenbezogenen Daten vertraulich und entsprechend der gesetzlichen Datenschutzvorschriften sowie dieser Datenschutzerkl\u00e4rung.<\/p>\n\n\n\n<p>Wenn Sie diese Website benutzen, werden verschiedene personenbezogene Daten erhoben. Personenbezogene Daten sind Daten, mit denen Sie pers\u00f6nlich identifiziert werden k\u00f6nnen. Die vorliegende Datenschutzerkl\u00e4rung erl\u00e4utert, welche Daten wir erheben und wof\u00fcr wir sie nutzen. Sie erl\u00e4utert auch, wie und zu welchem Zweck das geschieht.<\/p>\n\n\n\n<p>Wir weisen darauf hin, dass die Daten\u00fcbertragung im Internet (z.B. bei der Kommunikation per E-Mail) Sicherheitsl\u00fccken aufweisen kann. Ein l\u00fcckenloser Schutz der Daten vor dem Zugriff durch Dritte ist nicht m\u00f6glich.<\/p>\n\n\n\n<p><strong>Hinweis zur verantwortlichen Stelle<\/strong><br>Die verantwortliche Stelle f\u00fcr die Datenverarbeitung auf dieser Website ist:<\/p>\n\n\n\n<p>Gesch\u00e4ftsf\u00fchrer:<br>Christian Larisch<br>Heilig-Geist-Hospiz Stiftung<br>Klosterstra\u00dfe 77<br>59423 Unna<br><strong>T:<\/strong>\u00a0<a href=\"tel:029213910\">0 23 03 \/ 100 &#8211; 0<\/a><br><strong>E:<\/strong>\u00a0<a href=\"mailto:info.soest@hospitalverbund.de\">info.unna@hospitalverbund.de<\/a><\/p>\n\n\n\n<p>Verantwortliche Stelle ist die nat\u00fcrliche oder juristische Person, die allein oder gemeinsam mit anderen \u00fcber die Zwecke und Mittel der Verarbeitung von personenbezogenen Daten (z.B. Namen, E-Mail-Adressen o. \u00c4.) entscheidet.<\/p>\n\n\n\n<p><strong>Widerruf Ihrer Einwilligung zur Datenverarbeitung<\/strong><br>Viele Datenverarbeitungsvorg\u00e4nge sind nur mit Ihrer ausdr\u00fccklichen Einwilligung m\u00f6glich. Sie k\u00f6nnen eine bereits erteilte Einwilligung jederzeit widerrufen. Dazu reicht eine formlose Mitteilung per E-Mail an uns. Die Rechtm\u00e4\u00dfigkeit der bis zum Widerruf erfolgten Datenverarbeitung bleibt vom Widerruf unber\u00fchrt.<\/p>\n\n\n\n<p><strong>Beschwerderecht bei der zust\u00e4ndigen Aufsichtsbeh\u00f6rde<\/strong><br>Im Falle datenschutzrechtlicher Verst\u00f6\u00dfe steht dem Betroffenen ein Beschwerderecht bei der zust\u00e4ndigen Aufsichtsbeh\u00f6rde zu. Zust\u00e4ndige Aufsichtsbeh\u00f6rde in datenschutzrechtlichen Fragen ist der Landesdatenschutzbeauftragte des Bundeslandes, in dem unser Unternehmen seinen Sitz hat. Eine Liste der Datenschutzbeauftragten sowie deren Kontaktdaten k\u00f6nnen folgendem Link entnommen werden: https:\/\/www.bfdi.bund.de\/DE\/Infothek\/Anschriften_Links\/anschriften_links-node.html.<\/p>\n\n\n\n<p><strong>Recht auf Daten\u00fcbertragbarkeit<\/strong><br>Sie haben das Recht, Daten, die wir auf Grundlage Ihrer Einwilligung oder in Erf\u00fcllung eines Vertrags automatisiert verarbeiten, an sich oder an einen Dritten in einem g\u00e4ngigen, maschinenlesbaren Format aush\u00e4ndigen zu lassen. Sofern Sie die direkte \u00dcbertragung der Daten an einen anderen Verantwortlichen verlangen, erfolgt dies nur, soweit es technisch machbar ist.<\/p>\n\n\n\n<p><strong>Auskunft, Sperrung, L\u00f6schung<\/strong><br>Sie haben im Rahmen der geltenden gesetzlichen Bestimmungen jederzeit das Recht auf unentgeltliche Auskunft \u00fcber Ihre gespeicherten personenbezogenen Daten, deren Herkunft und Empf\u00e4nger und den Zweck der Datenverarbeitung und ggf. ein Recht auf Berichtigung, Sperrung oder L\u00f6schung dieser Daten. Hierzu sowie zu weiteren Fragen zum Thema personenbezogene Daten k\u00f6nnen Sie sich jederzeit unter der im Impressum angegebenen Adresse an uns wenden.<\/p>\n\n\n\n<p><strong>Widerspruch gegen Werbe-Mails<\/strong><br>Der Nutzung von im Rahmen der Impressumspflicht ver\u00f6ffentlichten Kontaktdaten zur \u00dcbersendung von nicht ausdr\u00fccklich angeforderter Werbung und Informationsmaterialien wird hiermit widersprochen. Die Betreiber der Seiten behalten sich ausdr\u00fccklich rechtliche Schritte im Falle der unverlangten Zusendung von Werbeinformationen, etwa durch Spam-E-Mails, vor.<\/p>\n\n\n\n<h3 class=\"wp-block-heading\">3. Datenschutzbeauftragter<\/h3>\n\n\n\n<p>Gesetzlich vorgeschriebener Datenschutzbeauftragter<br>Wir haben f\u00fcr unser Unternehmen einen Datenschutzbeauftragten bestellt.<\/p>\n\n\n\n<p>Ecoprotec<br>Thomas S\u00f6hnchen<br>Pamplonastra\u00dfe 19<br>33106 Paderborn<br><strong>T:<\/strong>&nbsp;<a href=\"tel:+495251877888333\">0 52 51 \/ 87 78 88 &#8211; 333<\/a><br>E:&nbsp;<a href=\"mailto:soehnchen@ecoprotec.de\">soehnchen@ecoprotec.de<\/a><\/p>\n\n\n\n<h3 class=\"wp-block-heading\">4. Datenerfassung auf unserer Website<\/h3>\n\n\n\n<p><strong>Cookies<\/strong><br>Die Internetseiten verwenden teilweise so genannte Cookies. Cookies richten auf Ihrem Rechner keinen Schaden an und enthalten keine Viren. Cookies dienen dazu, unser Angebot nutzerfreundlicher, effektiver und sicherer zu machen. Cookies sind kleine Textdateien, die auf Ihrem Rechner abgelegt werden und die Ihr Browser speichert.<\/p>\n\n\n\n<p>Die meisten der von uns verwendeten Cookies sind so genannte \u201cSession-Cookies\u201d. Sie werden nach Ende Ihres Besuchs automatisch gel\u00f6scht. Andere Cookies bleiben auf Ihrem Endger\u00e4t gespeichert bis Sie diese l\u00f6schen. Diese Cookies erm\u00f6glichen es uns, Ihren Browser beim n\u00e4chsten Besuch wiederzuerkennen.<\/p>\n\n\n\n<p>Sie k\u00f6nnen Ihren Browser so einstellen, dass Sie \u00fcber das Setzen von Cookies informiert werden und Cookies nur im Einzelfall erlauben, die Annahme von Cookies f\u00fcr bestimmte F\u00e4lle oder generell ausschlie\u00dfen sowie das automatische L\u00f6schen der Cookies beim Schlie\u00dfen des Browser aktivieren. Bei der Deaktivierung von Cookies kann die Funktionalit\u00e4t dieser Website eingeschr\u00e4nkt sein.<\/p>\n\n\n\n<p>Cookies, die zur Durchf\u00fchrung des elektronischen Kommunikationsvorgangs oder zur Bereitstellung bestimmter, von Ihnen erw\u00fcnschter Funktionen (z.B. Warenkorbfunktion) erforderlich sind, werden auf Grundlage von \u00a7 6 Abs. 1 lit. g KDG gespeichert. Der Websitebetreiber hat ein berechtigtes Interesse an der Speicherung von Cookies zur technisch fehlerfreien und optimierten Bereitstellung seiner Dienste. Soweit andere Cookies (z.B. Cookies zur Analyse Ihres Surfverhaltens) gespeichert werden, werden diese in dieser Datenschutzerkl\u00e4rung gesondert behandelt.<\/p>\n\n\n\n<p><strong>Server-Log-Dateien<\/strong><br>Der Provider der Seiten erhebt und speichert automatisch Informationen in so genannten Server-Log-Dateien, die Ihr Browser automatisch an uns \u00fcbermittelt. Dies sind:<\/p>\n\n\n\n<ul class=\"wp-block-list\">\n<li>Browsertyp und Browserversion<\/li>\n\n\n\n<li>verwendetes Betriebssystem<\/li>\n\n\n\n<li>Referrer URL<\/li>\n\n\n\n<li>Hostname des zugreifenden Rechners<\/li>\n\n\n\n<li>Uhrzeit der Serveranfrage<\/li>\n\n\n\n<li>IP-Adresse<\/li>\n<\/ul>\n\n\n\n<p>Eine Zusammenf\u00fchrung dieser Daten mit anderen Datenquellen wird nicht vorgenommen.<\/p>\n\n\n\n<p><strong>Formular<\/strong><br>Wenn Sie uns per Formular Anfragen zukommen lassen, werden Ihre Angaben aus dem Anfrageformular inklusive der von Ihnen dort angegebenen Kontaktdaten zwecks Bearbeitung der Anfrage und f\u00fcr den Fall von Anschlussfragen bei uns gespeichert. Diese Daten geben wir nicht ohne Ihre Einwilligung weiter.<\/p>\n\n\n\n<p>Die Verarbeitung dieser Daten erfolgt auf Grundlage von \u00a7 6 Abs. 1 lit. c KDG, sofern Ihre Anfrage mit der Erf\u00fcllung eines Vertrags zusammenh\u00e4ngt oder zur Durchf\u00fchrung vorvertraglicher Ma\u00dfnahmen erforderlich ist. In allen \u00fcbrigen F\u00e4llen beruht die Verarbeitung auf unserem berechtigten Interesse an der effektiven Bearbeitung der an uns gerichteten Anfragen (\u00a7 6 Abs. 1 lit. g KDG) oder auf Ihrer Einwilligung (\u00a7 6 Abs. 1 lit. b KDG) sofern diese abgefragt wurde.<\/p>\n\n\n\n<p>Die von Ihnen im Formular eingegebenen Daten verbleiben bei uns, bis Sie uns zur L\u00f6schung auffordern, Ihre Einwilligung zur Speicherung widerrufen oder der Zweck f\u00fcr die Datenspeicherung entf\u00e4llt (z. B. nach abgeschlossener Bearbeitung Ihrer Anfrage). Zwingende gesetzliche Bestimmungen \u2013 insbesondere Aufbewahrungsfristen \u2013 bleiben unber\u00fchrt.<\/p>\n\n\n\n<h3 class=\"wp-block-heading\">5. Analyse Tools und Werbung<\/h3>\n\n\n\n<p><strong>Matomo (ehemals Piwik)<\/strong><br>Diese Website benutzt den Open Source Webanalysedienst Matomo. Matomo verwendet so genannte &#8222;Cookies&#8220;. Das sind Textdateien, die auf Ihrem Computer gespeichert werden und die eine Analyse der Benutzung der Website durch Sie erm\u00f6glichen. Dazu werden die durch den Cookie erzeugten Informationen \u00fcber die Benutzung dieser Website auf unserem Server gespeichert. Die IP-Adresse wird vor der Speicherung anonymisiert.<\/p>\n\n\n\n<p>Matomo-Cookies verbleiben auf Ihrem Endger\u00e4t, bis Sie sie l\u00f6schen.<\/p>\n\n\n\n<p>Die Speicherung von Matomo-Cookies erfolgt auf Grundlage von \u00a7 6 Abs. 1 lit. f KDG. Der Websitebetreiber hat ein berechtigtes Interesse an der anonymisierten Analyse des Nutzerverhaltens, um sowohl sein Webangebot als auch seine Werbung zu optimieren.<\/p>\n\n\n\n<p>Die durch den Cookie erzeugten Informationen \u00fcber die Benutzung dieser Website werden nicht an Dritte weitergegeben. Sie k\u00f6nnen die Speicherung der Cookies durch eine entsprechende Einstellung Ihrer Browser-Software verhindern; wir weisen Sie jedoch darauf hin, dass Sie in diesem Fall gegebenenfalls nicht s\u00e4mtliche Funktionen dieser Website vollumf\u00e4nglich werden nutzen k\u00f6nnen.<\/p>\n\n\n\n<p>Wenn Sie mit der Speicherung und Nutzung Ihrer Daten nicht einverstanden sind, k\u00f6nnen Sie die Speicherung und Nutzung hier deaktivieren. In diesem Fall wird in Ihrem Browser ein Opt-Out-Cookie hinterlegt, der verhindert, dass Matomo Nutzungsdaten speichert. Wenn Sie Ihre Cookies l\u00f6schen, hat dies zur Folge, dass auch das Matomo Opt-Out-Cookie gel\u00f6scht wird. Das Opt-Out muss bei einem erneuten Besuch unserer Seite wieder aktiviert werden.<\/p>\n\n\n\n<figure class=\"wp-block-embed\"><div class=\"wp-block-embed__wrapper\">\nhttps:\/\/piwik01.netgroup.de\/index.php?module=CoreAdminHome&#038;action=optOut&#038;language=de\n<\/div><\/figure>\n\n\n\n<h3 class=\"wp-block-heading\">6. Plugins und Tools<\/h3>\n\n\n\n<p><strong>YouTube<\/strong><br>Diese Website bindet Videos der Website YouTube ein. Betreiber der Website ist die Google Ireland Limited (\u201eGoogle\u201c), Gordon House, Barrow Street, Dublin 4, Irland.<\/p>\n\n\n\n<p>Wenn Sie eine unserer Webseiten besuchen, auf denen YouTube eingebunden ist, wird eine Verbindung zu den Servern von YouTube hergestellt. Dabei wird dem YouTube-Server mitgeteilt, welche unserer Seiten Sie besucht haben.<\/p>\n\n\n\n<p>Des Weiteren kann YouTube verschiedene Cookies auf Ihrem Endger\u00e4t speichern oder vergleichbare Technologien zur Wiedererkennung verwenden (z.B. Device-Fingerprinting). Auf diese Weise kann YouTube Informationen \u00fcber Besucher dieser Website erhalten. Diese Informationen werden u. a. verwendet, um Videostatistiken zu erfassen, die Anwenderfreundlichkeit zu verbessern und Betrugsversuchen vorzubeugen.<\/p>\n\n\n\n<p>Wenn Sie in Ihrem YouTube-Account eingeloggt sind, erm\u00f6glichen Sie YouTube, Ihr Surfverhalten direkt Ihrem pers\u00f6nlichen Profil zuzuordnen. Dies k\u00f6nnen Sie verhindern, indem Sie sich aus Ihrem YouTube-Account ausloggen.<\/p>\n\n\n\n<p>Die Nutzung von YouTube erfolgt im Interesse einer ansprechenden Darstellung unserer Online-Angebote. Dies stellt ein berechtigtes Interesse im Sinne von \u00a7 6 Abs. 1 lit. g KDG dar. Sofern eine entsprechende Einwilligung abgefragt wurde, erfolgt die Verarbeitung ausschlie\u00dflich auf Grundlage von \u00a7 6 Abs. 1 lit. b KDG; die Einwilligung ist jederzeit widerrufbar.<\/p>\n\n\n\n<p>Weitere Informationen zum Umgang mit Nutzerdaten finden Sie in der Datenschutzerkl\u00e4rung von YouTube unter:&nbsp;<a href=\"https:\/\/policies.google.com\/privacy?hl=de\" target=\"_blank\" rel=\"noreferrer noopener\">https:\/\/policies.google.com\/privacy?hl=de<\/a>.<\/p>\n\n\n\n<h3 class=\"wp-block-heading\">7. Datenerfassung durch unsere Apps<\/h3>\n\n\n\n<p><strong>Anwendungsdaten<\/strong><br>Die App \u00fcbermittelt w\u00e4hrend der Kommunikation mit unserem Server automatisch Daten, welche vom Server automatisch in sogenannten Log-Dateien gespeichert werden. Dies Daten sind:<br>&#8211; Verwendete Sprache<br>&#8211; Ger\u00e4tespezifische Daten (Betriebssystem, Art des Ger\u00e4ts, Ger\u00e4tename)<br>&#8211; Datum und Uhrzeit der Anfrage<br>&#8211; IP-Adresse<br>&#8211; Applikationsprotokolle &amp; -interaktionen<\/p>\n\n\n\n<p>Dies erfolgt auf Grundlage von \u00a7 6 Abs. 1 lit. c KDG, der die Verarbeitung von Daten zur Erf\u00fcllung eines Vertrags oder vorvertraglicher Ma\u00dfnahmen gestattet.<\/p>\n\n\n\n<h3 class=\"wp-block-heading\">Consent-Management-Platform Contao Consent (hofff\/contao-consent)<\/h3>\n\n\n\n<p>Um auf unserer Website Einwilligungen f\u00fcr die Verarbeitung Ihrer Endger\u00e4teinformationen und personenbezogenen Daten mittels Cookies oder anderer Tracking-Technologien abzufragen, nutzen wir das Einwilligungs-Tool \u201eContao Consent\u201c (hofff\/contao-consent). Sie haben mithilfe von \u201eContao Consent\u201c die M\u00f6glichkeit, der Verarbeitung Ihrer Endger\u00e4teinformationen und personenbezogenen Daten mittels Cookies oder sonstigen Tracking-Technologien zu den in \u201eContao Consent\u201c aufgef\u00fchrten Zwecken zuzustimmen oder diese abzulehnen. Solche Verarbeitungszwecke k\u00f6nnen etwa die Einbindung externer Elemente, Einbindung von Streaming-Inhalten, statistische Analyse, Reichweitenmessung und personalisierte Werbung sein. Sie k\u00f6nnen mithilfe von \u201cContao Consent\u201c Ihre Zustimmung f\u00fcr s\u00e4mtliche Verarbeitungszwecke erteilen oder ablehnen oder Ihre Einwilligung f\u00fcr einzelne Zwecke oder einzelne Drittanbieter erteilen oder ablehnen. Die von Ihnen vorgenommenen Einstellungen k\u00f6nnen auch im Nachhinein von Ihnen ge\u00e4ndert werden. Zweck der Einbindung von \u201cContao Consent\u201c ist es, den Nutzern unserer Website die Entscheidung \u00fcber das Setzen von Cookies und \u00e4hnlichen Funktionalit\u00e4ten zu \u00fcberlassen und im Rahmen der weiteren Nutzung unserer Website die M\u00f6glichkeit zu bieten, bereits vorgenommene Einstellungen zu \u00e4ndern. Im Zuge der Nutzung von \u201cContao Consent\u201c werden personenbezogene Daten sowie Informationen der verwendeten Endger\u00e4te durch uns verarbeitet. Es werden dabei keine Daten an einen Drittanbieter \u00fcbersendet. Die Informationen \u00fcber die von Ihnen vorgenommenen Einstellungen werden dezentral in Ihrem Endger\u00e4t gespeichert. Rechtsgrundlage f\u00fcr die Verarbeitung ist \u00a7 6 Abs. 1 S. 1 lit. d KDG i. V. m. \u00a7 8 Abs. 5 KDG, soweit die Verarbeitung zur Erf\u00fcllung der gesetzlich normierten Nachweispflichten f\u00fcr die Erteilung einer Einwilligung dient. Im \u00dcbrigen ist \u00a7 6 Abs. 1 S. 1 lit. f KDG die einschl\u00e4gige Rechtsgrundlage. Unsere berechtigten Interessen an der Verarbeitung liegen in der Speicherung der Nutzereinstellungen und -pr\u00e4ferenzen in Bezug auf den Einsatz von Cookies und weiteren Funktionalit\u00e4ten. Nach zw\u00f6lf Monate nach Vornahme der Nutzereinstellungen erfolgt eine erneute Abfrage der Zustimmung. Die vorgenommenen Nutzereinstellungen werden dann erneut f\u00fcr diesen Zeitraum gespeichert, es sei denn, Sie l\u00f6schen zuvor selbst die Informationen \u00fcber Ihre Nutzereinstellungen in den daf\u00fcr vorgesehenen Endger\u00e4tekapazit\u00e4ten.<\/p>\n\n\n\n<p><strong>Sie k\u00f6nnen Widerspruch gegen die Verarbeitung einlegen, soweit die Verarbeitung auf \u00a7 6 Abs. 1 S. 1 lit. f KDG gest\u00fctzt wird. Ihr Widerspruchsrecht besteht bei Gr\u00fcnden, die sich aus Ihrer besonderen Situation ergeben. Sie k\u00f6nnen uns Ihren Widerspruch \u00fcber die im Abschnitt \u201eVerantwortlicher\u201c genannten Kontaktdaten zukommen lassen.<\/strong><\/p>\n\n\n\n<h2 class=\"wp-block-heading\">b) Informationen zur Video\u00fcberwachung<\/h2>\n\n\n\n<p><strong>Ihre Datenschutzrechte<\/strong><br>Sie haben ein Recht auf Auskunft \u00fcber die zu Ihrer Person gespeicherten personenbezogenen Daten und Aufzeichnungen, \u00fcber die Zwecke der Verarbeitung, \u00fcber eventuelle \u00dcbermittlungen an andere Stellen und \u00fcber die Dauer der Speicherung.<br>Wenden Sie sich hierzu an folgende Stelle:<br>Gesch\u00e4ftsf\u00fchrer Christian Larisch<br>Katholischer Hospitalverbund Hellweg<br>Obere Husemannstra\u00dfe 2<br>59423 Unna<br>Telefon:&nbsp;<a href=\"tel:023031004000\">0 23 03 \/ 100 &#8211; 40 00<\/a><br><strong>E:<\/strong>&nbsp;<a href=\"mailto:info@hospitalverbund.de\">info(at)hospitalverbund.de<\/a><\/p>\n\n\n\n<p><strong>Rechtsgrundlage f\u00fcr die Verarbeitung der Videoaufzeichnungen<\/strong><br>Rechtsgrundlage f\u00fcr die Verarbeitung der Videoaufzeichnungen ist \u00a7 52 KDG. Danach ist die Video\u00fcberwachung des Betriebsgel\u00e4ndes und der betrieblichen Einrichtungen zur Wahrung der berechtigten Interessen des Unternehmens oder eines Dritten zul\u00e4ssig, sofern nicht die Interessen oder Grundrechte und Grundfreiheiten von betroffenen Personen, die den Schutz personenbezogener Daten erfordern, \u00fcberwiegen.<br>Ein berechtigtes Interesse ergibt sich aus internen Organisations- und Verwaltungszwecken, zum Schutz der Einrichtungen, Anlagen und der Verm\u00f6genswerte des Unternehmens und aus dem Schadensersatz- und Rechtsverfolgungsinteresse des Unternehmens bei Sch\u00e4den und Straftaten. Demgegen\u00fcber besteht kein \u00fcberwiegendes Interesse der betroffenen Personen am Schutz von deren Grundrechten und Grundfreiheiten.<\/p>\n\n\n\n<p><strong>\u00dcbermittlung Ihrer pers\u00f6nlichen Informationen<\/strong><br>Die Aufzeichnungen k\u00f6nnen zum Zweck der Rechtsverfolgung als Beweismittel an Strafverfolgungsbeh\u00f6rden \u00fcbermittelt oder zur Durchsetzung zivilrechtlicher Forderungen an Rechtsanw\u00e4lte, Bevollm\u00e4chtigte oder Gutachter \u00fcbermittelt und vor Gericht verwendet werden und Auftragnehmern oder Sicherheitsdiensten, die uns eine Dienstleistung erbringen, einschlie\u00dflich Versicherern und Beratern, f\u00fcr berechtigte Zwecke offengelegt werden.<\/p>\n\n\n\n<p><strong>Beschwerden \u00fcber die Verarbeitung Ihrer personenbezogenen Daten<\/strong><br>Sollten Sie Bedenken oder eine Frage zu der Verarbeitung Ihrer personenbezogenen Daten und Informationen haben, k\u00f6nnen Sie sich an die o. g. Firmenadresse oder unter den nachstehenden Kontaktdaten an den betrieblichen Datenschutzbeauftragten oder an die zust\u00e4ndige Aufsichtsbeh\u00f6rde f\u00fcr den Datenschutz wenden.<\/p>\n\n\n\n<p>Ecoprotec<br>Thomas S\u00f6hnchen<br>Pamplonastra\u00dfe 19<br>33106 Paderborn<br><strong>T:<\/strong>&nbsp;<a href=\"tel:+495251877888333\">0 52 51 \/ 87 78 88 &#8211; 333<\/a><br>E:&nbsp;<a href=\"mailto:soehnchen@ecoprotec.de\">soehnchen@ecoprotec.de<\/a><\/p>\n\n\n\n<p>Katholisches Datenschutzzentrum (A\u00f6R)<br>Brackeler Hellweg 144<br>44309 Dortmund<br>T +49 231 138985-0<br>F +49 231 138985-22<br>E:&nbsp;<a href=\"mailto:info@kdsz.de\">info@kdsz.de<\/a><\/p>\n\n\n\n<p><strong>Dauer der Speicherung<\/strong><br>Die Videoaufzeichnungen werden 72 Stunden gespeichert. Die Aufbewahrungsfrist ergibt sich aus der Erforderlichkeit der Videoaufzeichnung zum Schutz des Eigentums, der Aufkl\u00e4rung von Diebst\u00e4hlen und sicherheitsrelevanten Vorf\u00e4llen, Verwendung von Aufzeichnungen als Beweismittel in gerichtlichen und au\u00dfergerichtlichen Verfahren.<br>Eine Auswertung der Aufnahmen erfolgt anlassbezogen bei Vorg\u00e4ngen, die eine Recherche erfordern. In diesen F\u00e4llen k\u00f6nnen die Aufzeichnungen an Anw\u00e4lte, Strafverfolgungsbeh\u00f6rden und Gerichte \u00fcbermittelt oder zur Durchsetzung zivilrechtlicher Forderungen verwendet und entsprechend der Verfahrensdauer auch \u00fcber einen l\u00e4ngeren Zeitraum gespeichert werden.<\/p>\n\n\n\n<p><\/p>\n\n\n\n<h4 class=\"wp-block-heading\">Auftragsverarbeiter<\/h4>\n\n\n\n<p>Wir bedienen uns externen Dienstleister (Auftragsverarbeiter) z. B. f\u00fcr den Versand von Waren, Newsletter oder Zahlungsabwicklungen. Mit dem Dienstleister wurde eine separate Auftragsdatenverarbeitung geschlossen, um den Schutz Ihrer personenbezogenen Daten zu gew\u00e4hrleisten.<\/p>\n\n\n\n<p>Wir arbeiten mit folgenden Dienstleistern zusammen:<\/p>\n\n\n\n<ul class=\"wp-block-list\">\n<li>vonwerNET<br>Tim von Werne<br>Marbacher Weg 2<br>35037 Marburg<br><br>me@vonwernet.de<br>https:\/\/vonwernet.de<\/li>\n<\/ul>\n","protected":false},"excerpt":{"rendered":"<p>a) Informationen hinsichtlich der Websitenutzung 1. Datenschutz auf einen Blick Allgemeine HinweiseDie folgenden Hinweise geben einen einfachen \u00dcberblick dar\u00fcber, was mit Ihren personenbezogenen Daten passiert, wenn Sie unsere Website besuchen. Personenbezogene Daten sind alle Daten, mit denen Sie pers\u00f6nlich identifiziert werden k\u00f6nnen. Ausf\u00fchrliche Informationen zum Thema Datenschutz entnehmen Sie unserer unter diesem Text aufgef\u00fchrten Datenschutzerkl\u00e4rung. [&hellip;]<\/p>\n","protected":false},"author":1,"featured_media":0,"parent":0,"menu_order":11,"comment_status":"closed","ping_status":"closed","template":"","meta":{"_acf_changed":false,"site-sidebar-layout":"default","site-content-layout":"default","ast-site-content-layout":"default","site-content-style":"default","site-sidebar-style":"default","ast-global-header-display":"","ast-banner-title-visibility":"","ast-main-header-display":"","ast-hfb-above-header-display":"","ast-hfb-below-header-display":"","ast-hfb-mobile-header-display":"","site-post-title":"","ast-breadcrumbs-content":"","ast-featured-img":"","footer-sml-layout":"","ast-disable-related-posts":"","theme-transparent-header-meta":"default","adv-header-id-meta":"","stick-header-meta":"default","header-above-stick-meta":"","header-main-stick-meta":"","header-below-stick-meta":"","astra-migrate-meta-layouts":"set","ast-page-background-enabled":"default","ast-page-background-meta":{"desktop":{"background-color":"","background-image":"","background-repeat":"repeat","background-position":"center center","background-size":"auto","background-attachment":"scroll","background-type":"","background-media":"","overlay-type":"","overlay-color":"","overlay-opacity":"","overlay-gradient":""},"tablet":{"background-color":"","background-image":"","background-repeat":"repeat","background-position":"center center","background-size":"auto","background-attachment":"scroll","background-type":"","background-media":"","overlay-type":"","overlay-color":"","overlay-opacity":"","overlay-gradient":""},"mobile":{"background-color":"","background-image":"","background-repeat":"repeat","background-position":"center center","background-size":"auto","background-attachment":"scroll","background-type":"","background-media":"","overlay-type":"","overlay-color":"","overlay-opacity":"","overlay-gradient":""}},"ast-content-background-meta":{"desktop":{"background-color":"var(--ast-global-color-5)","background-image":"","background-repeat":"repeat","background-position":"center center","background-size":"auto","background-attachment":"scroll","background-type":"","background-media":"","overlay-type":"","overlay-color":"","overlay-opacity":"","overlay-gradient":""},"tablet":{"background-color":"var(--ast-global-color-5)","background-image":"","background-repeat":"repeat","background-position":"center center","background-size":"auto","background-attachment":"scroll","background-type":"","background-media":"","overlay-type":"","overlay-color":"","overlay-opacity":"","overlay-gradient":""},"mobile":{"background-color":"var(--ast-global-color-5)","background-image":"","background-repeat":"repeat","background-position":"center center","background-size":"auto","background-attachment":"scroll","background-type":"","background-media":"","overlay-type":"","overlay-color":"","overlay-opacity":"","overlay-gradient":""}},"footnotes":""},"class_list":["post-203","page","type-page","status-publish","hentry"],"acf":[],"_links":{"self":[{"href":"https:\/\/heilig-geist-hospiz.de\/index.php?rest_route=\/wp\/v2\/pages\/203","targetHints":{"allow":["GET"]}}],"collection":[{"href":"https:\/\/heilig-geist-hospiz.de\/index.php?rest_route=\/wp\/v2\/pages"}],"about":[{"href":"https:\/\/heilig-geist-hospiz.de\/index.php?rest_route=\/wp\/v2\/types\/page"}],"author":[{"embeddable":true,"href":"https:\/\/heilig-geist-hospiz.de\/index.php?rest_route=\/wp\/v2\/users\/1"}],"replies":[{"embeddable":true,"href":"https:\/\/heilig-geist-hospiz.de\/index.php?rest_route=%2Fwp%2Fv2%2Fcomments&post=203"}],"version-history":[{"count":5,"href":"https:\/\/heilig-geist-hospiz.de\/index.php?rest_route=\/wp\/v2\/pages\/203\/revisions"}],"predecessor-version":[{"id":1145,"href":"https:\/\/heilig-geist-hospiz.de\/index.php?rest_route=\/wp\/v2\/pages\/203\/revisions\/1145"}],"wp:attachment":[{"href":"https:\/\/heilig-geist-hospiz.de\/index.php?rest_route=%2Fwp%2Fv2%2Fmedia&parent=203"}],"curies":[{"name":"wp","href":"https:\/\/api.w.org\/{rel}","templated":true}]}}